{"id":5887,"date":"2020-01-02T11:06:04","date_gmt":"2020-01-02T11:06:04","guid":{"rendered":"https:\/\/fgti-distribution.fr\/?page_id=5887"},"modified":"2024-02-15T14:44:40","modified_gmt":"2024-02-15T14:44:40","slug":"montagem-de-material-eletrico-e-iluminacao","status":"publish","type":"page","link":"https:\/\/fgti-distribution.fr\/pt\/fixation-araymond\/assemblage-materiel-electrique-eclairage\/","title":{"rendered":"Fixa\u00e7\u00e3o e montagem para material el\u00e9trico e ilumina\u00e7\u00e3o"},"content":{"rendered":"<section id=\"bt_bb_section69f4f77aad723\" class=\"bt_bb_section bt_bb_layout_boxed_1200\"  data-bt-override-class=\"null\"><div class=\"bt_bb_port\"><div class=\"bt_bb_cell\"><div class=\"bt_bb_cell_inner\"><div class=\"bt_bb_row\"  data-bt-override-class=\"{}\"><div class=\"bt_bb_row_holder\" ><div  class=\"bt_bb_column col-xxl-12 col-xl-12 col-xs-12 col-sm-12 col-md-12 col-lg-12 bt_bb_vertical_align_top bt_bb_align_left bt_bb_padding_normal\" style=\"; --column-width:12;\" data-width=\"12\" data-bt-override-class=\"{}\"><div class=\"bt_bb_column_content\"><div class=\"bt_bb_column_content_inner\"><div class=\"bt_bb_raw_content\"><div class=\"wpb_wrapper\">\n<h2 style=\"color: #172983; font-size: 22px; text-transform: uppercase; text-align: left;\">SOLU\u00c7\u00d5ES DE FIXA\u00c7\u00c3O E MONTAGEM PARA EQUIPAMENTO EL\u00c9TRICO<\/h2>\n<h2 style=\"color: #172983; font-size: 17px;\">Material el\u00e9trico e ilumina\u00e7\u00e3o<\/h2>\n<p style=\"display: inline; line-height: 18px;\">Quaisquer que sejam as suas problem\u00e1ticas de fixa\u00e7\u00e3o ou montagem, a FGTI Distribution prop\u00f5e-lhe uma solu\u00e7\u00e3o ARaymond capaz de gerir a fun\u00e7\u00e3o desejada. Estes sistemas de fixa\u00e7\u00e3o r\u00e1pida, sem necessidade de ferramentas, podem substituir as suas solu\u00e7\u00f5es existentes para um <u>montagem mais eficiente com um custo de manuten\u00e7\u00e3o reduzido<\/u>.<\/p>\n<p>\u00a0<\/p>\n<p style=\"text-align: left;\">Para aceder diretamente \u00e0s fichas t\u00e9cnicas detalhadas, <a style=\"font-size: 14px; color: white; background: #172983; padding: 5px 10px; border-radius: 5px;\" href=\"https:\/\/fgti-distribution.fr\/pt\/fecho-araymond\/fichas-detalhadas-a-raymond\/\">clique aqui<\/a><\/p>\n<\/div><\/div><div class=\"bt_bb_separator bt_bb_top_spacing_normal bt_bb_bottom_spacing_no_spacing bt_bb_border_style_none\" data-bt-override-class=\"{&quot;bt_bb_top_spacing_&quot;:{&quot;current_class&quot;:&quot;bt_bb_top_spacing_normal&quot;,&quot;def&quot;:&quot;normal&quot;,&quot;xl&quot;:&quot;normal&quot;},&quot;bt_bb_bottom_spacing_&quot;:{&quot;current_class&quot;:&quot;bt_bb_bottom_spacing_no_spacing&quot;,&quot;def&quot;:&quot;no_spacing&quot;,&quot;xl&quot;:&quot;no_spacing&quot;}}\"><\/div><div class=\"bt_bb_accordion bt_bb_style_simple bt_bb_shape_square\" data-closed=\"closed\"><div class=\"bt_bb_accordion_item\"><div class=\"bt_bb_accordion_item_title\">Gest\u00e3o de suportes de tubos<\/div><div class=\"bt_bb_accordion_item_content\"><div class=\"bt_bb_row_inner\"   data-bt-override-class=\"{}\"><div class=\"bt_bb_row_inner_holder\"  ><div  class=\"bt_bb_column_inner col-xxl-6 col-xl-6 col-xs-12 col-sm-6 col-md-6 col-lg-6 bt_bb_vertical_align_top bt_bb_align_left bt_bb_padding_normal\"  data-width=\"6\" data-bt-override-class=\"{}\"><div class=\"bt_bb_column_inner_content\"><div class=\"bt_bb_column_inner_content_inner\"><div class=\"bt_bb_raw_content\">Dispomos de uma vasta gama de fixa\u00e7\u00f5es, para segurar cabos, tubos, fios e mangueiras. As pe\u00e7as est\u00e3o dispon\u00edveis em v\u00e1rios di\u00e2metros de fio e espessuras de painel utilizados em aplica\u00e7\u00f5es el\u00e9tricas e de ilumina\u00e7\u00e3o.<\/div><\/div><\/div><\/div><div  class=\"bt_bb_column_inner col-xxl-6 col-xl-6 col-xs-12 col-sm-6 col-md-6 col-lg-6 bt_bb_vertical_align_top bt_bb_align_left bt_bb_padding_normal\"  data-width=\"6\" data-bt-override-class=\"{}\"><div class=\"bt_bb_column_inner_content\"><div class=\"bt_bb_column_inner_content_inner\"><div class=\"bt_bb_image bt_bb_shape_square bt_bb_target_self bt_bb_align_inherit bt_bb_hover_style_simple bt_bb_content_display_always bt_bb_content_align_middle bt_bb_remove_padding_yes bt_bb_fill_background_color_full\" style=\"padding: 0. 30px;\" data-bt-override-class=\"{&quot;bt_bb_align_&quot;:{&quot;current_class&quot;:&quot;bt_bb_align_inherit&quot;,&quot;def&quot;:&quot;inherit&quot;,&quot;xl&quot;:&quot;inherit&quot;}}\"><span><img loading=\"lazy\" decoding=\"async\" width=\"768\" height=\"500\" src=\"https:\/\/fgti-distribution.fr\/wp-content\/uploads\/2020\/01\/fixation-fourreaux-electriques.png\" class=\"attachment-full size-full\" alt=\"fixa\u00e7\u00e3o para eletrodutos\" data-full_image_src=\"https:\/\/fgti-distribution.fr\/wp-content\/uploads\/2020\/01\/fixation-fourreaux-electriques.png\" srcset=\"https:\/\/fgti-distribution.fr\/wp-content\/uploads\/2020\/01\/fixation-fourreaux-electriques.png 768w, https:\/\/fgti-distribution.fr\/wp-content\/uploads\/2020\/01\/fixation-fourreaux-electriques-118x77.png 118w\" sizes=\"auto, (max-width: 768px) 100vw, 768px\" \/><\/span><\/div><\/div><\/div><\/div><\/div><\/div><div class=\"bt_bb_row_inner\"   data-bt-override-class=\"{}\"><div class=\"bt_bb_row_inner_holder\"  ><div  class=\"bt_bb_column_inner col-xxl-12 col-xl-12 col-xs-12 col-sm-12 col-md-12 col-lg-12 bt_bb_vertical_align_top bt_bb_align_left bt_bb_padding_normal\"  data-width=\"12\" data-bt-override-class=\"{}\"><div class=\"bt_bb_column_inner_content\"><div class=\"bt_bb_column_inner_content_inner\"><div class=\"bt_bb_separator bt_bb_top_spacing_normal bt_bb_bottom_spacing_no_spacing bt_bb_border_style_none\" data-bt-override-class=\"{&quot;bt_bb_top_spacing_&quot;:{&quot;current_class&quot;:&quot;bt_bb_top_spacing_normal&quot;,&quot;def&quot;:&quot;normal&quot;,&quot;xl&quot;:&quot;normal&quot;},&quot;bt_bb_bottom_spacing_&quot;:{&quot;current_class&quot;:&quot;bt_bb_bottom_spacing_no_spacing&quot;,&quot;def&quot;:&quot;no_spacing&quot;,&quot;xl&quot;:&quot;no_spacing&quot;}}\"><\/div><div class=\"bt_bb_raw_content\"><h3 style=\"color: #172983; font-size: 20px;\">Tiras, cabos, tubos ou feixes<\/h3>\nOferecemos uma vasta gama de abra\u00e7adeiras otimizadas para todas as exig\u00eancias de fixa\u00e7\u00e3o. Reduzem o desperd\u00edcio de fabrico e tornam a log\u00edstica mais eficiente com mais pe\u00e7as por caixa.<\/div><div class=\"bt_bb_separator bt_bb_top_spacing_normal bt_bb_bottom_spacing_no_spacing bt_bb_border_style_none\" data-bt-override-class=\"{&quot;bt_bb_top_spacing_&quot;:{&quot;current_class&quot;:&quot;bt_bb_top_spacing_normal&quot;,&quot;def&quot;:&quot;normal&quot;,&quot;xl&quot;:&quot;normal&quot;},&quot;bt_bb_bottom_spacing_&quot;:{&quot;current_class&quot;:&quot;bt_bb_bottom_spacing_no_spacing&quot;,&quot;def&quot;:&quot;no_spacing&quot;,&quot;xl&quot;:&quot;no_spacing&quot;}}\"><\/div><div class=\"bt_bb_image bt_bb_shape_square bt_bb_target_self bt_bb_align_inherit bt_bb_hover_style_simple bt_bb_content_display_always bt_bb_content_align_middle bt_bb_remove_padding_yes bt_bb_fill_background_color_full\" style=\"padding: 0 30px;\" data-bt-override-class=\"{&quot;bt_bb_align_&quot;:{&quot;current_class&quot;:&quot;bt_bb_align_inherit&quot;,&quot;def&quot;:&quot;inherit&quot;,&quot;xl&quot;:&quot;inherit&quot;}}\"><span><img loading=\"lazy\" decoding=\"async\" width=\"1140\" height=\"263\" src=\"https:\/\/fgti-distribution.fr\/wp-content\/uploads\/2020\/01\/lanie\u0300res-panneaux-cables-tubes-faisceaux.png\" class=\"attachment-full size-full\" alt=\"Tiras para pain\u00e9is de cabos, tubos, feixes\" data-full_image_src=\"https:\/\/fgti-distribution.fr\/wp-content\/uploads\/2020\/01\/lanie\u0300res-panneaux-cables-tubes-faisceaux.png\" title=\"pain\u00e9is de revestimento, cabos, tubos, feixes\" srcset=\"https:\/\/fgti-distribution.fr\/wp-content\/uploads\/2020\/01\/lanie\u0300res-panneaux-cables-tubes-faisceaux.png 1140w, https:\/\/fgti-distribution.fr\/wp-content\/uploads\/2020\/01\/lanie\u0300res-panneaux-cables-tubes-faisceaux-300x69.png 300w, https:\/\/fgti-distribution.fr\/wp-content\/uploads\/2020\/01\/lanie\u0300res-panneaux-cables-tubes-faisceaux-768x177.png 768w, https:\/\/fgti-distribution.fr\/wp-content\/uploads\/2020\/01\/lanie\u0300res-panneaux-cables-tubes-faisceaux-1024x236.png 1024w\" sizes=\"auto, (max-width: 1140px) 100vw, 1140px\" \/><\/span><\/div><div class=\"bt_bb_separator bt_bb_top_spacing_normal bt_bb_bottom_spacing_no_spacing bt_bb_border_style_none\" data-bt-override-class=\"{&quot;bt_bb_top_spacing_&quot;:{&quot;current_class&quot;:&quot;bt_bb_top_spacing_normal&quot;,&quot;def&quot;:&quot;normal&quot;,&quot;xl&quot;:&quot;normal&quot;},&quot;bt_bb_bottom_spacing_&quot;:{&quot;current_class&quot;:&quot;bt_bb_bottom_spacing_no_spacing&quot;,&quot;def&quot;:&quot;no_spacing&quot;,&quot;xl&quot;:&quot;no_spacing&quot;}}\"><\/div><div class=\"bt_bb_raw_content\"><h3 style=\"color: #172983; font-size: 20px;\">Tubo de suporte ou abra\u00e7adeira<\/h3>\nAs abra\u00e7adeiras s\u00e3o especialmente concebidas para serem colocadas \u00e0 volta de tubos e limitar a transla\u00e7\u00e3o de tubagens e cablagens el\u00e9tricas.<\/div><div class=\"bt_bb_separator bt_bb_top_spacing_normal bt_bb_bottom_spacing_no_spacing bt_bb_border_style_none\" data-bt-override-class=\"{&quot;bt_bb_top_spacing_&quot;:{&quot;current_class&quot;:&quot;bt_bb_top_spacing_normal&quot;,&quot;def&quot;:&quot;normal&quot;,&quot;xl&quot;:&quot;normal&quot;},&quot;bt_bb_bottom_spacing_&quot;:{&quot;current_class&quot;:&quot;bt_bb_bottom_spacing_no_spacing&quot;,&quot;def&quot;:&quot;no_spacing&quot;,&quot;xl&quot;:&quot;no_spacing&quot;}}\"><\/div><div class=\"bt_bb_image bt_bb_shape_square bt_bb_target_self bt_bb_align_inherit bt_bb_hover_style_simple bt_bb_content_display_always bt_bb_content_align_middle bt_bb_remove_padding_yes bt_bb_fill_background_color_full\" style=\"padding: 0 30px;\" data-bt-override-class=\"{&quot;bt_bb_align_&quot;:{&quot;current_class&quot;:&quot;bt_bb_align_inherit&quot;,&quot;def&quot;:&quot;inherit&quot;,&quot;xl&quot;:&quot;inherit&quot;}}\"><span><img loading=\"lazy\" decoding=\"async\" width=\"1140\" height=\"263\" src=\"https:\/\/fgti-distribution.fr\/wp-content\/uploads\/2020\/01\/collier-serrage-tubes.png\" class=\"attachment-full size-full\" alt=\"Abra\u00e7adeira para tubos\" data-full_image_src=\"https:\/\/fgti-distribution.fr\/wp-content\/uploads\/2020\/01\/collier-serrage-tubes.png\" srcset=\"https:\/\/fgti-distribution.fr\/wp-content\/uploads\/2020\/01\/collier-serrage-tubes.png 1140w, https:\/\/fgti-distribution.fr\/wp-content\/uploads\/2020\/01\/collier-serrage-tubes-300x69.png 300w, https:\/\/fgti-distribution.fr\/wp-content\/uploads\/2020\/01\/collier-serrage-tubes-768x177.png 768w, https:\/\/fgti-distribution.fr\/wp-content\/uploads\/2020\/01\/collier-serrage-tubes-1024x236.png 1024w\" sizes=\"auto, (max-width: 1140px) 100vw, 1140px\" \/><\/span><\/div><div class=\"bt_bb_separator bt_bb_top_spacing_normal bt_bb_bottom_spacing_no_spacing bt_bb_border_style_none\" data-bt-override-class=\"{&quot;bt_bb_top_spacing_&quot;:{&quot;current_class&quot;:&quot;bt_bb_top_spacing_normal&quot;,&quot;def&quot;:&quot;normal&quot;,&quot;xl&quot;:&quot;normal&quot;},&quot;bt_bb_bottom_spacing_&quot;:{&quot;current_class&quot;:&quot;bt_bb_bottom_spacing_no_spacing&quot;,&quot;def&quot;:&quot;no_spacing&quot;,&quot;xl&quot;:&quot;no_spacing&quot;}}\"><\/div><\/div><\/div><\/div><\/div><\/div><div class=\"bt_bb_row_inner\"   data-bt-override-class=\"{}\"><div class=\"bt_bb_row_inner_holder\"  ><div  class=\"bt_bb_column_inner col-xxl-12 col-xl-12 col-xs-12 col-sm-12 col-md-12 col-lg-12 bt_bb_vertical_align_top bt_bb_align_left bt_bb_padding_normal\"  data-width=\"12\" data-bt-override-class=\"{}\"><div class=\"bt_bb_column_inner_content\"><div class=\"bt_bb_column_inner_content_inner\"><div class=\"bt_bb_separator bt_bb_top_spacing_normal bt_bb_bottom_spacing_no_spacing bt_bb_border_style_none\" data-bt-override-class=\"{&quot;bt_bb_top_spacing_&quot;:{&quot;current_class&quot;:&quot;bt_bb_top_spacing_normal&quot;,&quot;def&quot;:&quot;normal&quot;,&quot;xl&quot;:&quot;normal&quot;},&quot;bt_bb_bottom_spacing_&quot;:{&quot;current_class&quot;:&quot;bt_bb_bottom_spacing_no_spacing&quot;,&quot;def&quot;:&quot;no_spacing&quot;,&quot;xl&quot;:&quot;no_spacing&quot;}}\"><\/div><\/div><\/div><\/div><\/div><\/div><div class=\"bt_bb_row_inner\" style=\"background-image: url(https:\/\/fgti-distribution.fr\/wp-content\/uploads\/2019\/04\/afocus_backgrd_1.jpg?id=4811) !important; background-position: center !important; background-repeat: no-repeat !important; background-size: cover !important; padding: 30px;\"  data-bt-override-class=\"{}\"><div class=\"bt_bb_row_inner_holder\"  ><div  class=\"bt_bb_column_inner col-xxl-6 col-xl-6 col-xs-12 col-sm-6 col-md-6 col-lg-6 bt_bb_vertical_align_top bt_bb_align_left bt_bb_padding_normal\"  data-width=\"6\" data-bt-override-class=\"{}\"><div class=\"bt_bb_column_inner_content\"><div class=\"bt_bb_column_inner_content_inner\"><div class=\"bt_bb_raw_content\"><p class=\"surtitle\" style=\"text-align: left;\">PRODUTOS EM DESTAQUE<\/p>\n<h3 style=\"color: #172983; font-size: 20px;\">Suporta tubos auto-bloque\u00e1veis e re-abribles para uma montagem e manuten\u00e7\u00e3o eficientes<\/h3>\nOs suportes de tubos ou abra\u00e7adeiras s\u00e3o muito vers\u00e1teis quando se trata de montar uma vasta gama de chicotes de cabos de diferentes di\u00e2metros. As abra\u00e7adeiras ARaymond s\u00e3o uma alternativa eficaz com um design de auto-bloqueio, que \u00e9 f\u00e1cil de abrir e fechar, facilitando a montagem e a manuten\u00e7\u00e3o ou substitui\u00e7\u00e3o de pe\u00e7as durante a vida \u00fatil do produto. As abra\u00e7adeiras de pl\u00e1stico podem ser montadas nas bordas do painel, ou em buracos ou em montantes.<\/div><\/div><\/div><\/div><div  class=\"bt_bb_column_inner col-xxl-6 col-xl-6 col-xs-12 col-sm-6 col-md-6 col-lg-6 bt_bb_vertical_align_top bt_bb_align_left bt_bb_padding_normal\"  data-width=\"6\" data-bt-override-class=\"{}\"><div class=\"bt_bb_column_inner_content\"><div class=\"bt_bb_column_inner_content_inner\"><div class=\"bt_bb_image bt_bb_shape_square bt_bb_target_self bt_bb_align_inherit bt_bb_hover_style_simple bt_bb_content_display_always bt_bb_content_align_middle bt_bb_remove_padding_yes bt_bb_fill_background_color_full\" data-bt-override-class=\"{&quot;bt_bb_align_&quot;:{&quot;current_class&quot;:&quot;bt_bb_align_inherit&quot;,&quot;def&quot;:&quot;inherit&quot;,&quot;xl&quot;:&quot;inherit&quot;}}\"><span><img loading=\"lazy\" decoding=\"async\" width=\"768\" height=\"576\" src=\"https:\/\/fgti-distribution.fr\/wp-content\/uploads\/2020\/01\/support-tube-fgti-distribution.png\" class=\"attachment-full size-full\" alt=\"Tubo de suporte FGTI Distribui\u00e7\u00e3o\" data-full_image_src=\"https:\/\/fgti-distribution.fr\/wp-content\/uploads\/2020\/01\/support-tube-fgti-distribution.png\" srcset=\"https:\/\/fgti-distribution.fr\/wp-content\/uploads\/2020\/01\/support-tube-fgti-distribution.png 768w, https:\/\/fgti-distribution.fr\/wp-content\/uploads\/2020\/01\/support-tube-fgti-distribution-103x77.png 103w\" sizes=\"auto, (max-width: 768px) 100vw, 768px\" \/><\/span><\/div><\/div><\/div><\/div><\/div><\/div><\/div><\/div><div class=\"bt_bb_accordion_item\"><div class=\"bt_bb_accordion_item_title\">Montagem de pain\u00e9is de arm\u00e1rios el\u00e9tricos<\/div><div class=\"bt_bb_accordion_item_content\"><div class=\"bt_bb_row_inner\"   data-bt-override-class=\"{}\"><div class=\"bt_bb_row_inner_holder\"  ><div  class=\"bt_bb_column_inner col-xxl-12 col-xl-12 col-xs-12 col-sm-12 col-md-12 col-lg-12 bt_bb_vertical_align_top bt_bb_align_left bt_bb_padding_normal\"  data-width=\"12\" data-bt-override-class=\"{}\"><div class=\"bt_bb_column_inner_content\"><div class=\"bt_bb_column_inner_content_inner\"><div class=\"bt_bb_raw_content\"><p>As porcas de bordos de painel s\u00e3o a alternativa a privilegiar \u00e0s parafusadeiras met\u00e1licas para uma montagem mais r\u00e1pida e econ\u00f3mica de pain\u00e9is. S\u00e3o f\u00e1ceis de montar sem ferramentas especiais e podem ser utilizadas em substitui\u00e7\u00e3o de porcas de rebite e porcas de soldadura para fixar pain\u00e9is de acoplamento de forma r\u00e1pida e f\u00e1cil. Uma vez inserida no orif\u00edcio, a aba de reten\u00e7\u00e3o destas porcas de bordos mant\u00e9m a pe\u00e7a firmemente no lugar, facilitando a pr\u00e9-montagem. Os clipes de painel met\u00e1licos e as porcas gaiola ARaymond encaixam-se numa borda ou orif\u00edcio de painel e podem ser utilizados para fixar v\u00e1rios pain\u00e9is met\u00e1licos. Ao eliminar opera\u00e7\u00f5es de montagem demoradas, como o aparafusamento, os fabricantes podem obter poupan\u00e7as sem comprometer o desempenho.<\/p><\/div><div class=\"bt_bb_separator bt_bb_top_spacing_normal bt_bb_bottom_spacing_no_spacing bt_bb_border_style_none\" data-bt-override-class=\"{&quot;bt_bb_top_spacing_&quot;:{&quot;current_class&quot;:&quot;bt_bb_top_spacing_normal&quot;,&quot;def&quot;:&quot;normal&quot;,&quot;xl&quot;:&quot;normal&quot;},&quot;bt_bb_bottom_spacing_&quot;:{&quot;current_class&quot;:&quot;bt_bb_bottom_spacing_no_spacing&quot;,&quot;def&quot;:&quot;no_spacing&quot;,&quot;xl&quot;:&quot;no_spacing&quot;}}\"><\/div><div class=\"bt_bb_image bt_bb_shape_square bt_bb_target_self bt_bb_align_inherit bt_bb_hover_style_simple bt_bb_content_display_always bt_bb_content_align_middle bt_bb_remove_padding_yes bt_bb_fill_background_color_full\" style=\"padding: 0 30px;\" data-bt-override-class=\"{&quot;bt_bb_align_&quot;:{&quot;current_class&quot;:&quot;bt_bb_align_inherit&quot;,&quot;def&quot;:&quot;inherit&quot;,&quot;xl&quot;:&quot;inherit&quot;}}\"><span><img loading=\"lazy\" decoding=\"async\" width=\"943\" height=\"307\" src=\"https:\/\/fgti-distribution.fr\/wp-content\/uploads\/2020\/01\/ecrou-bord-de-panneau.png\" class=\"attachment-full size-full\" alt=\"Borne de painel\" data-full_image_src=\"https:\/\/fgti-distribution.fr\/wp-content\/uploads\/2020\/01\/ecrou-bord-de-panneau.png\" srcset=\"https:\/\/fgti-distribution.fr\/wp-content\/uploads\/2020\/01\/ecrou-bord-de-panneau.png 943w, https:\/\/fgti-distribution.fr\/wp-content\/uploads\/2020\/01\/ecrou-bord-de-panneau-237x77.png 237w, https:\/\/fgti-distribution.fr\/wp-content\/uploads\/2020\/01\/ecrou-bord-de-panneau-768x250.png 768w\" sizes=\"auto, (max-width: 943px) 100vw, 943px\" \/><\/span><\/div><div class=\"bt_bb_separator bt_bb_top_spacing_normal bt_bb_bottom_spacing_no_spacing bt_bb_border_style_none\" data-bt-override-class=\"{&quot;bt_bb_top_spacing_&quot;:{&quot;current_class&quot;:&quot;bt_bb_top_spacing_normal&quot;,&quot;def&quot;:&quot;normal&quot;,&quot;xl&quot;:&quot;normal&quot;},&quot;bt_bb_bottom_spacing_&quot;:{&quot;current_class&quot;:&quot;bt_bb_bottom_spacing_no_spacing&quot;,&quot;def&quot;:&quot;no_spacing&quot;,&quot;xl&quot;:&quot;no_spacing&quot;}}\"><\/div><\/div><\/div><\/div><\/div><\/div><\/div><\/div><div class=\"bt_bb_accordion_item\"><div class=\"bt_bb_accordion_item_title\">Liga\u00e7\u00e3o \u00e0 terra dos equipamentos el\u00e9tricos<\/div><div class=\"bt_bb_accordion_item_content\"><div class=\"bt_bb_row_inner\"   data-bt-override-class=\"{}\"><div class=\"bt_bb_row_inner_holder\"  ><div  class=\"bt_bb_column_inner col-xxl-12 col-xl-12 col-xs-12 col-sm-12 col-md-12 col-lg-12 bt_bb_vertical_align_top bt_bb_align_left bt_bb_padding_normal\"  data-width=\"12\" data-bt-override-class=\"{}\"><div class=\"bt_bb_column_inner_content\"><div class=\"bt_bb_column_inner_content_inner\"><div class=\"bt_bb_raw_content\"><p>De acordo com as normas IEC, os aparelhos el\u00e9tricos de consumo devem ser ligados \u00e0 terra. Isto significa ligar o chassis met\u00e1lico a um fio de terra. Em caso de falha el\u00e9trica que cause o contacto de um fio energizado com pe\u00e7as met\u00e1licas, a corrente fluir\u00e1 atrav\u00e9s do fio de terra e disparar\u00e1 o disjuntor.<\/p><\/div><div class=\"bt_bb_separator bt_bb_top_spacing_normal bt_bb_bottom_spacing_no_spacing bt_bb_border_style_none\" data-bt-override-class=\"{&quot;bt_bb_top_spacing_&quot;:{&quot;current_class&quot;:&quot;bt_bb_top_spacing_normal&quot;,&quot;def&quot;:&quot;normal&quot;,&quot;xl&quot;:&quot;normal&quot;},&quot;bt_bb_bottom_spacing_&quot;:{&quot;current_class&quot;:&quot;bt_bb_bottom_spacing_no_spacing&quot;,&quot;def&quot;:&quot;no_spacing&quot;,&quot;xl&quot;:&quot;no_spacing&quot;}}\"><\/div><\/div><\/div><\/div><\/div><\/div><div class=\"bt_bb_row_inner\"   data-bt-override-class=\"{}\"><div class=\"bt_bb_row_inner_holder\"  ><div  class=\"bt_bb_column_inner col-xxl-6 col-xl-6 col-xs-12 col-sm-6 col-md-6 col-lg-6 bt_bb_vertical_align_top bt_bb_align_left bt_bb_padding_normal\"  data-width=\"6\" data-bt-override-class=\"{}\"><div class=\"bt_bb_column_inner_content\"><div class=\"bt_bb_column_inner_content_inner\"><div class=\"bt_bb_raw_content\"><h3 style=\"color: #172983; font-size: 20px;\">Clipes de liga\u00e7\u00e3o \u00e0 terra<\/h3>\nAs clipes de liga\u00e7\u00e3o \u00e0 terra ARaymond\u2122 s\u00e3o montadas numa borda de painel, assegurando a condutividade entre os pain\u00e9is met\u00e1licos e a cablagem el\u00e9trica atrav\u00e9s de terminais de liga\u00e7\u00e3o. As garras internas penetram a superf\u00edcie do painel (tinta, por exemplo) para garantir a condutividade.\n<\/div><\/div><\/div><\/div><div  class=\"bt_bb_column_inner col-xxl-6 col-xl-6 col-xs-12 col-sm-6 col-md-6 col-lg-6 bt_bb_vertical_align_top bt_bb_align_left bt_bb_padding_normal\"  data-width=\"6\" data-bt-override-class=\"{}\"><div class=\"bt_bb_column_inner_content\"><div class=\"bt_bb_column_inner_content_inner\"><div class=\"bt_bb_raw_content\"><h3 style=\"color: #172983; font-size: 20px;\">Clipes para montantes<\/h3>\nPropomos tamb\u00e9m dispositivos de reten\u00e7\u00e3o de \u00e1rvores para fixar montantes em pain\u00e9is ou outras pe\u00e7as de superf\u00edcie plana. As presilhas devem ser empurradas para baixo no pino para serem montadas; a condutividade el\u00e9trica \u00e9 garantida por um terminal de ficha.<\/div><\/div><\/div><\/div><\/div><\/div><div class=\"bt_bb_row_inner\"   data-bt-override-class=\"{}\"><div class=\"bt_bb_row_inner_holder\"  ><div  class=\"bt_bb_column_inner col-xxl-12 col-xl-12 col-xs-12 col-sm-12 col-md-12 col-lg-12 bt_bb_vertical_align_top bt_bb_align_left bt_bb_padding_normal\"  data-width=\"12\" data-bt-override-class=\"{}\"><div class=\"bt_bb_column_inner_content\"><div class=\"bt_bb_column_inner_content_inner\"><div class=\"bt_bb_separator bt_bb_top_spacing_normal bt_bb_bottom_spacing_no_spacing bt_bb_border_style_none\" data-bt-override-class=\"{&quot;bt_bb_top_spacing_&quot;:{&quot;current_class&quot;:&quot;bt_bb_top_spacing_normal&quot;,&quot;def&quot;:&quot;normal&quot;,&quot;xl&quot;:&quot;normal&quot;},&quot;bt_bb_bottom_spacing_&quot;:{&quot;current_class&quot;:&quot;bt_bb_bottom_spacing_no_spacing&quot;,&quot;def&quot;:&quot;no_spacing&quot;,&quot;xl&quot;:&quot;no_spacing&quot;}}\"><\/div><div class=\"bt_bb_image bt_bb_shape_square bt_bb_target_self bt_bb_align_inherit bt_bb_hover_style_simple bt_bb_content_display_always bt_bb_content_align_middle bt_bb_remove_padding_yes bt_bb_fill_background_color_full\" style=\"padding: 0 30px;\" data-bt-override-class=\"{&quot;bt_bb_align_&quot;:{&quot;current_class&quot;:&quot;bt_bb_align_inherit&quot;,&quot;def&quot;:&quot;inherit&quot;,&quot;xl&quot;:&quot;inherit&quot;}}\"><span><img loading=\"lazy\" decoding=\"async\" width=\"1140\" height=\"263\" src=\"https:\/\/fgti-distribution.fr\/wp-content\/uploads\/2020\/01\/clip-mise-a-la-terre.png\" class=\"attachment-full size-full\" alt=\"Bra\u00e7adeira de liga\u00e7\u00e3o \u00e0 terra\" data-full_image_src=\"https:\/\/fgti-distribution.fr\/wp-content\/uploads\/2020\/01\/clip-mise-a-la-terre.png\" srcset=\"https:\/\/fgti-distribution.fr\/wp-content\/uploads\/2020\/01\/clip-mise-a-la-terre.png 1140w, https:\/\/fgti-distribution.fr\/wp-content\/uploads\/2020\/01\/clip-mise-a-la-terre-300x69.png 300w, https:\/\/fgti-distribution.fr\/wp-content\/uploads\/2020\/01\/clip-mise-a-la-terre-768x177.png 768w, https:\/\/fgti-distribution.fr\/wp-content\/uploads\/2020\/01\/clip-mise-a-la-terre-1024x236.png 1024w\" sizes=\"auto, (max-width: 1140px) 100vw, 1140px\" \/><\/span><\/div><\/div><\/div><\/div><\/div><\/div><\/div><\/div><\/div><\/div><\/div><\/div><\/div><\/div><\/div><!-- cell_inner --><\/div><!-- cell --><\/div><!-- port --><\/section>","protected":false},"excerpt":{"rendered":"","protected":false},"author":1,"featured_media":7599,"parent":10,"menu_order":0,"comment_status":"closed","ping_status":"closed","template":"","meta":{"footnotes":""},"class_list":["post-5887","page","type-page","status-publish","has-post-thumbnail","hentry"],"yoast_head":"<!-- This site is optimized with the Yoast SEO plugin v27.3 - https:\/\/yoast.com\/product\/yoast-seo-wordpress\/ -->\n<title>Fixation et assemblage pour le mat\u00e9riel \u00e9lectrique et l&#039;\u00e9clairage<\/title>\n<meta name=\"description\" content=\"Mat\u00e9riel \u00e9lectrique et l&#039;\u00e9clairage : pour vos besoins de fixation ou d\u2019assemblage, FGTI Distribution vous propose les solutions ARaymond.\" \/>\n<meta name=\"robots\" content=\"index, follow, max-snippet:-1, max-image-preview:large, max-video-preview:-1\" \/>\n<link rel=\"canonical\" href=\"https:\/\/fgti-distribution.fr\/pt\/fecho-araymond\/montagem-de-material-eletrico-e-iluminacao\/\" \/>\n<meta property=\"og:locale\" content=\"pt_PT\" \/>\n<meta property=\"og:type\" content=\"article\" \/>\n<meta property=\"og:title\" content=\"Fixation et assemblage pour le mat\u00e9riel \u00e9lectrique et l&#039;\u00e9clairage\" \/>\n<meta property=\"og:description\" content=\"Mat\u00e9riel \u00e9lectrique et l&#039;\u00e9clairage : pour vos besoins de fixation ou d\u2019assemblage, FGTI Distribution vous propose les solutions ARaymond.\" \/>\n<meta property=\"og:url\" content=\"https:\/\/fgti-distribution.fr\/pt\/fecho-araymond\/montagem-de-material-eletrico-e-iluminacao\/\" \/>\n<meta property=\"og:site_name\" content=\"FGTI Distribution\" \/>\n<meta property=\"article:modified_time\" content=\"2024-02-15T14:44:40+00:00\" \/>\n<meta property=\"og:image\" content=\"https:\/\/fgti-distribution.fr\/wp-content\/uploads\/2023\/02\/fixation-assemblage-electrique.jpg\" \/>\n\t<meta property=\"og:image:width\" content=\"1600\" \/>\n\t<meta property=\"og:image:height\" content=\"430\" \/>\n\t<meta property=\"og:image:type\" content=\"image\/jpeg\" \/>\n<meta name=\"twitter:card\" content=\"summary_large_image\" \/>\n<meta name=\"twitter:label1\" content=\"Est. reading time\" \/>\n\t<meta name=\"twitter:data1\" content=\"3 minutos\" \/>\n<script type=\"application\/ld+json\" class=\"yoast-schema-graph\">{\"@context\":\"https:\\\/\\\/schema.org\",\"@graph\":[{\"@type\":\"WebPage\",\"@id\":\"https:\\\/\\\/fgti-distribution.fr\\\/fixation-araymond\\\/assemblage-materiel-electrique-eclairage\\\/\",\"url\":\"https:\\\/\\\/fgti-distribution.fr\\\/fixation-araymond\\\/assemblage-materiel-electrique-eclairage\\\/\",\"name\":\"Fixation et assemblage pour le mat\u00e9riel \u00e9lectrique et l'\u00e9clairage\",\"isPartOf\":{\"@id\":\"https:\\\/\\\/fgti-distribution.fr\\\/#website\"},\"primaryImageOfPage\":{\"@id\":\"https:\\\/\\\/fgti-distribution.fr\\\/fixation-araymond\\\/assemblage-materiel-electrique-eclairage\\\/#primaryimage\"},\"image\":{\"@id\":\"https:\\\/\\\/fgti-distribution.fr\\\/fixation-araymond\\\/assemblage-materiel-electrique-eclairage\\\/#primaryimage\"},\"thumbnailUrl\":\"https:\\\/\\\/fgti-distribution.fr\\\/wp-content\\\/uploads\\\/2023\\\/02\\\/fixation-assemblage-electrique.jpg\",\"datePublished\":\"2020-01-02T11:06:04+00:00\",\"dateModified\":\"2024-02-15T14:44:40+00:00\",\"description\":\"Mat\u00e9riel \u00e9lectrique et l'\u00e9clairage : pour vos besoins de fixation ou d\u2019assemblage, FGTI Distribution vous propose les solutions ARaymond.\",\"breadcrumb\":{\"@id\":\"https:\\\/\\\/fgti-distribution.fr\\\/fixation-araymond\\\/assemblage-materiel-electrique-eclairage\\\/#breadcrumb\"},\"inLanguage\":\"pt-PT\",\"potentialAction\":[{\"@type\":\"ReadAction\",\"target\":[\"https:\\\/\\\/fgti-distribution.fr\\\/fixation-araymond\\\/assemblage-materiel-electrique-eclairage\\\/\"]}]},{\"@type\":\"ImageObject\",\"inLanguage\":\"pt-PT\",\"@id\":\"https:\\\/\\\/fgti-distribution.fr\\\/fixation-araymond\\\/assemblage-materiel-electrique-eclairage\\\/#primaryimage\",\"url\":\"https:\\\/\\\/fgti-distribution.fr\\\/wp-content\\\/uploads\\\/2023\\\/02\\\/fixation-assemblage-electrique.jpg\",\"contentUrl\":\"https:\\\/\\\/fgti-distribution.fr\\\/wp-content\\\/uploads\\\/2023\\\/02\\\/fixation-assemblage-electrique.jpg\",\"width\":1600,\"height\":430,\"caption\":\"fixation assemblage \u00e9lectrique\"},{\"@type\":\"BreadcrumbList\",\"@id\":\"https:\\\/\\\/fgti-distribution.fr\\\/fixation-araymond\\\/assemblage-materiel-electrique-eclairage\\\/#breadcrumb\",\"itemListElement\":[{\"@type\":\"ListItem\",\"position\":1,\"name\":\"Home\",\"item\":\"https:\\\/\\\/fgti-distribution.fr\\\/\"},{\"@type\":\"ListItem\",\"position\":2,\"name\":\"Fixations ARaymond\",\"item\":\"https:\\\/\\\/fgti-distribution.fr\\\/fixation-araymond\\\/\"},{\"@type\":\"ListItem\",\"position\":3,\"name\":\"Fixation et assemblage pour le mat\u00e9riel \u00e9lectrique et l&rsquo;\u00e9clairage\"}]},{\"@type\":\"WebSite\",\"@id\":\"https:\\\/\\\/fgti-distribution.fr\\\/#website\",\"url\":\"https:\\\/\\\/fgti-distribution.fr\\\/\",\"name\":\"FGTI Distribution\",\"description\":\"Pi\u00e8ces techniques et services \u00e0 forte valeur ajout\u00e9e\",\"publisher\":{\"@id\":\"https:\\\/\\\/fgti-distribution.fr\\\/#organization\"},\"alternateName\":\"FGTI Distribution\",\"potentialAction\":[{\"@type\":\"SearchAction\",\"target\":{\"@type\":\"EntryPoint\",\"urlTemplate\":\"https:\\\/\\\/fgti-distribution.fr\\\/?s={search_term_string}\"},\"query-input\":{\"@type\":\"PropertyValueSpecification\",\"valueRequired\":true,\"valueName\":\"search_term_string\"}}],\"inLanguage\":\"pt-PT\"},{\"@type\":\"Organization\",\"@id\":\"https:\\\/\\\/fgti-distribution.fr\\\/#organization\",\"name\":\"FGTI Distribution\",\"alternateName\":\"FGTI Distribution\",\"url\":\"https:\\\/\\\/fgti-distribution.fr\\\/\",\"logo\":{\"@type\":\"ImageObject\",\"inLanguage\":\"pt-PT\",\"@id\":\"https:\\\/\\\/fgti-distribution.fr\\\/#\\\/schema\\\/logo\\\/image\\\/\",\"url\":\"https:\\\/\\\/fgti-distribution.fr\\\/wp-content\\\/uploads\\\/2022\\\/12\\\/logo.png\",\"contentUrl\":\"https:\\\/\\\/fgti-distribution.fr\\\/wp-content\\\/uploads\\\/2022\\\/12\\\/logo.png\",\"width\":500,\"height\":228,\"caption\":\"FGTI Distribution\"},\"image\":{\"@id\":\"https:\\\/\\\/fgti-distribution.fr\\\/#\\\/schema\\\/logo\\\/image\\\/\"},\"sameAs\":[\"https:\\\/\\\/www.linkedin.com\\\/company\\\/fgti-distribution\\\/\"]}]}<\/script>\n<!-- \/ Yoast SEO plugin. -->","yoast_head_json":{"title":"Fixa\u00e7\u00e3o e montagem para material el\u00e9trico e ilumina\u00e7\u00e3o","description":"Material el\u00e9trico e ilumina\u00e7\u00e3o: para as suas necessidades de fixa\u00e7\u00e3o ou montagem, a FGTI Distribution oferece-lhe as solu\u00e7\u00f5es ARaymond.","robots":{"index":"index","follow":"follow","max-snippet":"max-snippet:-1","max-image-preview":"max-image-preview:large","max-video-preview":"max-video-preview:-1"},"canonical":"https:\/\/fgti-distribution.fr\/pt\/fecho-araymond\/montagem-de-material-eletrico-e-iluminacao\/","og_locale":"pt_PT","og_type":"article","og_title":"Fixation et assemblage pour le mat\u00e9riel \u00e9lectrique et l'\u00e9clairage","og_description":"Mat\u00e9riel \u00e9lectrique et l'\u00e9clairage : pour vos besoins de fixation ou d\u2019assemblage, FGTI Distribution vous propose les solutions ARaymond.","og_url":"https:\/\/fgti-distribution.fr\/pt\/fecho-araymond\/montagem-de-material-eletrico-e-iluminacao\/","og_site_name":"FGTI Distribution","article_modified_time":"2024-02-15T14:44:40+00:00","og_image":[{"width":1600,"height":430,"url":"https:\/\/fgti-distribution.fr\/wp-content\/uploads\/2023\/02\/fixation-assemblage-electrique.jpg","type":"image\/jpeg"}],"twitter_card":"summary_large_image","twitter_misc":{"Est. reading time":"3 minutos"},"schema":{"@context":"https:\/\/schema.org","@graph":[{"@type":"WebPage","@id":"https:\/\/fgti-distribution.fr\/fixation-araymond\/assemblage-materiel-electrique-eclairage\/","url":"https:\/\/fgti-distribution.fr\/fixation-araymond\/assemblage-materiel-electrique-eclairage\/","name":"Fixa\u00e7\u00e3o e montagem para material el\u00e9trico e ilumina\u00e7\u00e3o","isPartOf":{"@id":"https:\/\/fgti-distribution.fr\/#website"},"primaryImageOfPage":{"@id":"https:\/\/fgti-distribution.fr\/fixation-araymond\/assemblage-materiel-electrique-eclairage\/#primaryimage"},"image":{"@id":"https:\/\/fgti-distribution.fr\/fixation-araymond\/assemblage-materiel-electrique-eclairage\/#primaryimage"},"thumbnailUrl":"https:\/\/fgti-distribution.fr\/wp-content\/uploads\/2023\/02\/fixation-assemblage-electrique.jpg","datePublished":"2020-01-02T11:06:04+00:00","dateModified":"2024-02-15T14:44:40+00:00","description":"Material el\u00e9trico e ilumina\u00e7\u00e3o: para as suas necessidades de fixa\u00e7\u00e3o ou montagem, a FGTI Distribution oferece-lhe as solu\u00e7\u00f5es ARaymond.","breadcrumb":{"@id":"https:\/\/fgti-distribution.fr\/fixation-araymond\/assemblage-materiel-electrique-eclairage\/#breadcrumb"},"inLanguage":"pt-PT","potentialAction":[{"@type":"ReadAction","target":["https:\/\/fgti-distribution.fr\/fixation-araymond\/assemblage-materiel-electrique-eclairage\/"]}]},{"@type":"ImageObject","inLanguage":"pt-PT","@id":"https:\/\/fgti-distribution.fr\/fixation-araymond\/assemblage-materiel-electrique-eclairage\/#primaryimage","url":"https:\/\/fgti-distribution.fr\/wp-content\/uploads\/2023\/02\/fixation-assemblage-electrique.jpg","contentUrl":"https:\/\/fgti-distribution.fr\/wp-content\/uploads\/2023\/02\/fixation-assemblage-electrique.jpg","width":1600,"height":430,"caption":"fixation assemblage \u00e9lectrique"},{"@type":"BreadcrumbList","@id":"https:\/\/fgti-distribution.fr\/fixation-araymond\/assemblage-materiel-electrique-eclairage\/#breadcrumb","itemListElement":[{"@type":"ListItem","position":1,"name":"Home","item":"https:\/\/fgti-distribution.fr\/"},{"@type":"ListItem","position":2,"name":"Fixations ARaymond","item":"https:\/\/fgti-distribution.fr\/fixation-araymond\/"},{"@type":"ListItem","position":3,"name":"Fixation et assemblage pour le mat\u00e9riel \u00e9lectrique et l&rsquo;\u00e9clairage"}]},{"@type":"WebSite","@id":"https:\/\/fgti-distribution.fr\/#website","url":"https:\/\/fgti-distribution.fr\/","name":"Distribui\u00e7\u00e3o FGTI","description":"Pe\u00e7as t\u00e9cnicas e servi\u00e7os de elevado valor acrescentado","publisher":{"@id":"https:\/\/fgti-distribution.fr\/#organization"},"alternateName":"FGTI Distribution","potentialAction":[{"@type":"SearchAction","target":{"@type":"EntryPoint","urlTemplate":"https:\/\/fgti-distribution.fr\/?s={search_term_string}"},"query-input":{"@type":"PropertyValueSpecification","valueRequired":true,"valueName":"search_term_string"}}],"inLanguage":"pt-PT"},{"@type":"Organization","@id":"https:\/\/fgti-distribution.fr\/#organization","name":"Distribui\u00e7\u00e3o FGTI","alternateName":"FGTI Distribution","url":"https:\/\/fgti-distribution.fr\/","logo":{"@type":"ImageObject","inLanguage":"pt-PT","@id":"https:\/\/fgti-distribution.fr\/#\/schema\/logo\/image\/","url":"https:\/\/fgti-distribution.fr\/wp-content\/uploads\/2022\/12\/logo.png","contentUrl":"https:\/\/fgti-distribution.fr\/wp-content\/uploads\/2022\/12\/logo.png","width":500,"height":228,"caption":"FGTI Distribution"},"image":{"@id":"https:\/\/fgti-distribution.fr\/#\/schema\/logo\/image\/"},"sameAs":["https:\/\/www.linkedin.com\/company\/fgti-distribution\/"]}]}},"_links":{"self":[{"href":"https:\/\/fgti-distribution.fr\/pt\/wp-json\/wp\/v2\/pages\/5887","targetHints":{"allow":["GET"]}}],"collection":[{"href":"https:\/\/fgti-distribution.fr\/pt\/wp-json\/wp\/v2\/pages"}],"about":[{"href":"https:\/\/fgti-distribution.fr\/pt\/wp-json\/wp\/v2\/types\/page"}],"author":[{"embeddable":true,"href":"https:\/\/fgti-distribution.fr\/pt\/wp-json\/wp\/v2\/users\/1"}],"replies":[{"embeddable":true,"href":"https:\/\/fgti-distribution.fr\/pt\/wp-json\/wp\/v2\/comments?post=5887"}],"version-history":[{"count":58,"href":"https:\/\/fgti-distribution.fr\/pt\/wp-json\/wp\/v2\/pages\/5887\/revisions"}],"predecessor-version":[{"id":9316,"href":"https:\/\/fgti-distribution.fr\/pt\/wp-json\/wp\/v2\/pages\/5887\/revisions\/9316"}],"up":[{"embeddable":true,"href":"https:\/\/fgti-distribution.fr\/pt\/wp-json\/wp\/v2\/pages\/10"}],"wp:featuredmedia":[{"embeddable":true,"href":"https:\/\/fgti-distribution.fr\/pt\/wp-json\/wp\/v2\/media\/7599"}],"wp:attachment":[{"href":"https:\/\/fgti-distribution.fr\/pt\/wp-json\/wp\/v2\/media?parent=5887"}],"curies":[{"name":"wp","href":"https:\/\/api.w.org\/{rel}","templated":true}]}}